{"id":48,"date":"2024-12-02T05:08:19","date_gmt":"2024-12-02T05:08:19","guid":{"rendered":"https:\/\/1truenote.com\/?page_id=48"},"modified":"2025-03-07T13:20:42","modified_gmt":"2025-03-07T13:20:42","slug":"politica-de-comentarios","status":"publish","type":"page","link":"https:\/\/1truenote.com\/en\/politica-de-comentarios\/","title":{"rendered":"Comments Policy"},"content":{"rendered":"<p>No <strong><a href=\"https:\/\/1truenote.com\/en\/\" data-type=\"link\" data-id=\"https:\/\/1truenote.com\/\">1TrueNote<\/a><\/strong>, acreditamos que o di\u00e1logo \u00e9 fundamental para enriquecer a experi\u00eancia de nossos leitores. A se\u00e7\u00e3o de coment\u00e1rios oferece um espa\u00e7o para voc\u00ea interagir conosco e com outros entusiastas das microcasas. Para garantir que todos possam participar de maneira respeitosa e construtiva, estabelecemos a seguinte Pol\u00edtica de Coment\u00e1rios.<\/p>\n\n\n\n<p>Ao deixar um coment\u00e1rio, voc\u00ea concorda com os termos e condi\u00e7\u00f5es aqui estabelecidos. Caso n\u00e3o concorde com nossa pol\u00edtica, pedimos que se abstenha de fazer coment\u00e1rios no blog.<\/p>\n\n\n\n<hr class=\"wp-block-separator has-alpha-channel-opacity\"\/>\n\n\n\n<h3 id='objetivo-da-se\u00e7\u00e3o-de-coment\u00e1rios'  class=\"wp-block-heading\"><strong>Objetivo da Se\u00e7\u00e3o de Coment\u00e1rios<\/strong><\/h3>\n\n\n\n<p>A se\u00e7\u00e3o de coment\u00e1rios no <strong><a href=\"https:\/\/1truenote.com\/en\/\">1TrueNote<\/a><\/strong> tem como objetivo:<\/p>\n\n\n\n<ul class=\"wp-block-list\">\n<li>Promover um ambiente de troca saud\u00e1vel de ideias sobre microcasas e temas relacionados.<\/li>\n\n\n\n<li>Fomentar discuss\u00f5es construtivas que agreguem valor \u00e0 comunidade de leitores.<\/li>\n\n\n\n<li>Permitir que os leitores fa\u00e7am perguntas, compartilhem experi\u00eancias e sugiram ideias.<\/li>\n<\/ul>\n\n\n\n<p>Para que isso seja poss\u00edvel, todos os coment\u00e1rios dever\u00e3o ser respeitosos e \u00fateis.<\/p>\n\n\n\n<hr class=\"wp-block-separator has-alpha-channel-opacity\"\/>\n\n\n\n<h3 id='diretrizes-para-coment\u00e1rios'  class=\"wp-block-heading\"><strong>Diretrizes para Coment\u00e1rios<\/strong><\/h3>\n\n\n\n<p>Para manter a qualidade das intera\u00e7\u00f5es em nosso blog, pedimos que todos os coment\u00e1rios sigam as diretrizes abaixo:<\/p>\n\n\n\n<ol start=\"1\" class=\"wp-block-list\">\n<li><strong>Respeito e Educa\u00e7\u00e3o<\/strong><br>O respeito \u00e9 fundamental para manter um ambiente saud\u00e1vel. Coment\u00e1rios com linguagem ofensiva, discriminat\u00f3ria ou que incitem \u00f3dio ou viol\u00eancia n\u00e3o ser\u00e3o tolerados.<\/li>\n\n\n\n<li><strong>Relev\u00e2ncia do Conte\u00fado<\/strong><br>Pedimos que seus coment\u00e1rios estejam diretamente relacionados ao conte\u00fado da postagem. Coment\u00e1rios fora do tema principal ou que n\u00e3o agreguem valor ao debate podem ser removidos.<\/li>\n\n\n\n<li><strong>Proibi\u00e7\u00e3o de Spam<\/strong><br>Coment\u00e1rios que contenham links para sites comerciais, promocionais ou que fa\u00e7am promo\u00e7\u00e3o pessoal de produtos e servi\u00e7os sem solicita\u00e7\u00e3o pr\u00e9via ser\u00e3o exclu\u00eddos.<\/li>\n\n\n\n<li><strong>Prote\u00e7\u00e3o \u00e0 Privacidade<\/strong><br>Evite compartilhar informa\u00e7\u00f5es pessoais, como n\u00fameros de telefone, endere\u00e7os ou dados banc\u00e1rios, tanto seus quanto de terceiros. N\u00f3s respeitamos sua privacidade e recomendamos que voc\u00ea fa\u00e7a o mesmo.<\/li>\n\n\n\n<li><strong>Direitos Autorais e Propriedade Intelectual<\/strong><br>Ao enviar um coment\u00e1rio, voc\u00ea garante que o conte\u00fado \u00e9 de sua autoria ou que possui os direitos necess\u00e1rios para public\u00e1-lo. Coment\u00e1rios que infrijam os direitos de propriedade intelectual de terceiros, como viola\u00e7\u00e3o de direitos autorais ou marcas registradas, ser\u00e3o removidos.<\/li>\n\n\n\n<li><strong>Conte\u00fado Ilegal<\/strong><br>Qualquer coment\u00e1rio que contenha conte\u00fado ilegal, obsceno ou de natureza pornogr\u00e1fica ser\u00e1 exclu\u00eddo imediatamente. O autor pode ser banido de comentar no blog, dependendo da gravidade da infra\u00e7\u00e3o.<\/li>\n<\/ol>\n\n\n\n<hr class=\"wp-block-separator has-alpha-channel-opacity\"\/>\n\n\n\n<h3 id='modera\u00e7\u00e3o-de-coment\u00e1rios'  class=\"wp-block-heading\"><strong>Modera\u00e7\u00e3o de Coment\u00e1rios<\/strong><\/h3>\n\n\n\n<p>O <strong>1TrueNote<\/strong> realiza a modera\u00e7\u00e3o de todos os coment\u00e1rios para garantir que as diretrizes sejam seguidas e para preservar a qualidade das intera\u00e7\u00f5es. Coment\u00e1rios ser\u00e3o revisados antes da publica\u00e7\u00e3o e podem ser:<\/p>\n\n\n\n<ul class=\"wp-block-list\">\n<li><strong>Aprovados:<\/strong> Coment\u00e1rios que seguem as diretrizes ser\u00e3o publicados de forma imediata.<\/li>\n\n\n\n<li><strong>Ajustados:<\/strong> Em alguns casos, podemos editar coment\u00e1rios para corrigir erros de digita\u00e7\u00e3o, remover links inadequados ou ajustar a formata\u00e7\u00e3o.<\/li>\n\n\n\n<li><strong>Removidos:<\/strong> Coment\u00e1rios que violarem as regras descritas ser\u00e3o removidos sem aviso pr\u00e9vio.<\/li>\n<\/ul>\n\n\n\n<p>Embora nos esforcemos para moderar rapidamente todos os coment\u00e1rios, pode haver um pequeno atraso na publica\u00e7\u00e3o de novos coment\u00e1rios.<\/p>\n\n\n\n<hr class=\"wp-block-separator has-alpha-channel-opacity\"\/>\n\n\n\n<h3 id='uso-de-dados-pessoais-em-coment\u00e1rios'  class=\"wp-block-heading\"><strong>Uso de Dados Pessoais em Coment\u00e1rios<\/strong><\/h3>\n\n\n\n<p>Ao deixar um coment\u00e1rio em nosso blog, podemos coletar dados como seu nome, endere\u00e7o de e-mail e URL do site (se fornecido). Esses dados s\u00e3o necess\u00e1rios para:<\/p>\n\n\n\n<ul class=\"wp-block-list\">\n<li>Identificar o autor do coment\u00e1rio.<\/li>\n\n\n\n<li>Notificar o autor sobre respostas a seus coment\u00e1rios, caso tenha optado por receber tais notifica\u00e7\u00f5es.<\/li>\n<\/ul>\n\n\n\n<p>Os dados fornecidos s\u00e3o tratados de acordo com nossa <a href=\"https:\/\/1truenote.com\/en\/politica-de-privacidade\/\" data-type=\"link\" data-id=\"https:\/\/1truenote.com\/politica-de-privacidade\/\">Privacy Policy<\/a>. Se voc\u00ea n\u00e3o deseja que seus dados sejam coletados, n\u00e3o forne\u00e7a informa\u00e7\u00f5es pessoais ao comentar.<\/p>\n\n\n\n<p>Al\u00e9m disso, o <strong>1TrueNote<\/strong> pode utilizar cookies para facilitar a intera\u00e7\u00e3o do usu\u00e1rio com o site, conforme descrito em nossa <a href=\"https:\/\/1truenote.com\/en\/politica-de-cookie\/\" data-type=\"link\" data-id=\"https:\/\/1truenote.com\/politica-de-cookie\/\">Pol\u00edtica de Cookies<\/a>.<\/p>\n\n\n\n<hr class=\"wp-block-separator has-alpha-channel-opacity\"\/>\n\n\n\n<h3 id='consentimento-para-uso-de-coment\u00e1rios'  class=\"wp-block-heading\"><strong>Consentimento para Uso de Coment\u00e1rios<\/strong><\/h3>\n\n\n\n<p>Ao enviar um coment\u00e1rio, voc\u00ea concede ao <strong><a href=\"https:\/\/1truenote.com\/en\/\">1TrueNote<\/a><\/strong> o direito n\u00e3o exclusivo, transfer\u00edvel, e sublicenci\u00e1vel de usar, reproduzir, modificar e exibir seu coment\u00e1rio em nosso site ou em outros materiais de marketing, para promover o conte\u00fado do blog e a intera\u00e7\u00e3o com os leitores. Isso inclui o direito de compartilhar seu coment\u00e1rio em redes sociais ou outros meios digitais, sempre com o intuito de promover um debate construtivo.<\/p>\n\n\n\n<p>Note que, ao fazer um coment\u00e1rio, voc\u00ea n\u00e3o perde os direitos autorais sobre o conte\u00fado, mas concede ao <strong>1TrueNote<\/strong> o direito de utiliz\u00e1-lo publicamente.<\/p>\n\n\n\n<hr class=\"wp-block-separator has-alpha-channel-opacity\"\/>\n\n\n\n<h3 id='responsabilidade-sobre-os-coment\u00e1rios'  class=\"wp-block-heading\"><strong>Responsabilidade sobre os Coment\u00e1rios<\/strong><\/h3>\n\n\n\n<p>Cada autor de coment\u00e1rio \u00e9 respons\u00e1vel pelo conte\u00fado que publica. O <strong>1TrueNote<\/strong> n\u00e3o se responsabiliza por opini\u00f5es ou declara\u00e7\u00f5es feitas por usu\u00e1rios em nossos coment\u00e1rios. Contudo, reservamo-nos o direito de excluir qualquer coment\u00e1rio que consideremos inadequado, de acordo com nossas pol\u00edticas e a legisla\u00e7\u00e3o vigente.<\/p>\n\n\n\n<hr class=\"wp-block-separator has-alpha-channel-opacity\"\/>\n\n\n\n<h3 id='suspens\u00e3o-ou-banimento-de-coment\u00e1rios'  class=\"wp-block-heading\"><strong>Suspens\u00e3o ou Banimento de Coment\u00e1rios<\/strong><\/h3>\n\n\n\n<p>Caso um usu\u00e1rio viole repetidamente nossas diretrizes ou utilize linguagem inadequada, o <strong>1TrueNote<\/strong> poder\u00e1 suspender temporariamente ou banir permanentemente o usu\u00e1rio da se\u00e7\u00e3o de coment\u00e1rios. Al\u00e9m disso, coment\u00e1rios considerados prejudiciais ao ambiente do blog ou violadores da lei poder\u00e3o resultar em a\u00e7\u00f5es legais, conforme necess\u00e1rio.<\/p>\n\n\n\n<hr class=\"wp-block-separator has-alpha-channel-opacity\"\/>\n\n\n\n<h3 id='altera\u00e7\u00f5es-na-pol\u00edtica-de-coment\u00e1rios'  class=\"wp-block-heading\"><strong>Altera\u00e7\u00f5es na Pol\u00edtica de Coment\u00e1rios<\/strong><\/h3>\n\n\n\n<p>O <strong>1TrueNote<\/strong> pode revisar ou modificar esta Pol\u00edtica de Coment\u00e1rios a qualquer momento. Recomendamos que voc\u00ea consulte esta p\u00e1gina periodicamente para se manter atualizado sobre qualquer altera\u00e7\u00e3o.<\/p>\n\n\n\n<hr class=\"wp-block-separator has-alpha-channel-opacity\"\/>\n\n\n\n<h3 id='contato'  class=\"wp-block-heading\"><strong>Contact<\/strong><\/h3>\n\n\n\n<p>Caso tenha d\u00favidas sobre nossa Pol\u00edtica de Coment\u00e1rios ou queira reportar um problema relacionado a coment\u00e1rios, entre em contato conosco pelo e-mail:<\/p>\n\n\n\n<ul class=\"wp-block-list\">\n<li><strong>E-mail:<\/strong> <a href=\"mailto:contato@1truenote.com\">contato@1truenote.com<\/a><\/li>\n<\/ul>\n\n\n\n<p>Esta Pol\u00edtica de Coment\u00e1rios \u00e9 v\u00e1lida desde 2 de dezembro de 2024.<\/p>\n\n\n\n<p>Agradecemos por usar o <a href=\"https:\/\/1truenote.com\/en\/\"><strong>1TrueNote<\/strong><\/a>!<\/p>","protected":false},"excerpt":{"rendered":"<p>No 1TrueNote, acreditamos que o di\u00e1logo \u00e9 fundamental para enriquecer a experi\u00eancia de nossos leitores. A se\u00e7\u00e3o de coment\u00e1rios oferece um espa\u00e7o para voc\u00ea interagir conosco e com outros entusiastas das microcasas. Para garantir que todos possam participar de maneira respeitosa e construtiva, estabelecemos a seguinte Pol\u00edtica de Coment\u00e1rios. Ao deixar um coment\u00e1rio, voc\u00ea concorda&#8230;<\/p>","protected":false},"author":1,"featured_media":0,"parent":0,"menu_order":0,"comment_status":"closed","ping_status":"closed","template":"","meta":{"_kad_post_transparent":"","_kad_post_title":"","_kad_post_layout":"","_kad_post_sidebar_id":"","_kad_post_content_style":"","_kad_post_vertical_padding":"","_kad_post_feature":"","_kad_post_feature_position":"","_kad_post_header":false,"_kad_post_footer":false,"_kad_post_classname":"","footnotes":""},"class_list":["post-48","page","type-page","status-publish","hentry"],"_hostinger_reach_plugin_has_subscription_block":false,"_hostinger_reach_plugin_is_elementor":false,"jetpack_sharing_enabled":true,"_links":{"self":[{"href":"https:\/\/1truenote.com\/en\/wp-json\/wp\/v2\/pages\/48","targetHints":{"allow":["GET"]}}],"collection":[{"href":"https:\/\/1truenote.com\/en\/wp-json\/wp\/v2\/pages"}],"about":[{"href":"https:\/\/1truenote.com\/en\/wp-json\/wp\/v2\/types\/page"}],"author":[{"embeddable":true,"href":"https:\/\/1truenote.com\/en\/wp-json\/wp\/v2\/users\/1"}],"replies":[{"embeddable":true,"href":"https:\/\/1truenote.com\/en\/wp-json\/wp\/v2\/comments?post=48"}],"version-history":[{"count":0,"href":"https:\/\/1truenote.com\/en\/wp-json\/wp\/v2\/pages\/48\/revisions"}],"wp:attachment":[{"href":"https:\/\/1truenote.com\/en\/wp-json\/wp\/v2\/media?parent=48"}],"curies":[{"name":"wp","href":"https:\/\/api.w.org\/{rel}","templated":true}]}}