{"id":44,"date":"2024-12-02T05:05:17","date_gmt":"2024-12-02T05:05:17","guid":{"rendered":"https:\/\/1truenote.com\/?page_id=44"},"modified":"2025-09-25T15:35:32","modified_gmt":"2025-09-25T18:35:32","slug":"quem-somos","status":"publish","type":"page","link":"https:\/\/1truenote.com\/en\/quem-somos\/","title":{"rendered":"About"},"content":{"rendered":"<p>Somos um dos principais portais de <strong>Casa &amp; Jardim &#8211; Decora\u00e7\u00e3o<\/strong>. O <strong><a href=\"https:\/\/1truenote.com\/en\/\" data-type=\"link\" data-id=\"https:\/\/1truenote.com\/\">TrueNote<\/a><\/strong> \u00e9 um projeto editorial de <strong>Home &amp; Garden<\/strong> independente focado em <strong>decorados<\/strong>, projetos, m\u00f3veis, microarquitetura, <strong>conforto inteligente<\/strong> e estrat\u00e9gias de bem-estar espacial. Nasceu da converg\u00eancia entre viv\u00eancia pr\u00e1tica e a busca por solu\u00e7\u00f5es reais em habita\u00e7\u00e3o compacta com nossa <strong>curadoria<\/strong> \u2014 e cresceu como um espa\u00e7o onde experi\u00eancia se traduz em <strong>conte\u00fado aplic\u00e1vel, leg\u00edtimo e transformador<\/strong>. Temos <strong>hist\u00f3ria e tradi\u00e7\u00e3o<\/strong>. <strong>Somos um bra\u00e7o da Carvalho Consultoria.<\/strong><\/p>\n\n\n\n<h2 id='nossa-hist\u00f3ria'  class=\"wp-block-heading\">Nossa Hist\u00f3ria<\/h2>\n\n\n\n<p>Mais do que admiradores do universo das microcasas, decorados etc&#8230; <strong>Somos seus praticantes<\/strong>. Testamos, adaptamos e vivemos aquilo que compartilhamos. Esse compromisso com a pr\u00e1tica nos permite entregar uma perspectiva genu\u00edna sobre como transformar espa\u00e7os reduzidos em ambientes de alta performance, conforto e identidade.<\/p>\n\n\n\n<p>Nosso ponto de partida foi a inquieta\u00e7\u00e3o com a falta de boas alternativas na vida moderna. Encontramos na <strong>Home &amp; Garden<\/strong> n\u00e3o apenas uma alternativa arquitet\u00f4nica, mas um convite \u00e0 reinven\u00e7\u00e3o pessoal, onde <strong>cada cent\u00edmetro faz sentido<\/strong>, e cada escolha <strong>reflete prop\u00f3sito<\/strong>.<\/p>\n\n\n\n<p>Aqui, discutimos <strong>layout inteligente, ergonomia funcional, design responsivo e tecnologia habitacional<\/strong>, sempre com foco em usabilidade real e performance de vida. Trazemos um olhar <strong>t\u00e9cnico e sens\u00edvel<\/strong> sobre temas como ilumina\u00e7\u00e3o natural em microambientes, conforto t\u00e9rmico, ac\u00fastica residencial e solu\u00e7\u00f5es de mobili\u00e1rio sob medida, tudo filtrado pela \u00f3tica da habitabilidade contempor\u00e2nea.<\/p>\n\n\n\n<h2 id='miss\u00e3o-vis\u00e3o-e-valores'  class=\"wp-block-heading\">Miss\u00e3o, Vis\u00e3o e Valores<\/h2>\n\n\n\n<p>Nosso escopo editorial tamb\u00e9m contempla pautas voltadas \u00e0 atualidade e ao cotidiano: Mantemos uma se\u00e7\u00e3o ativa de <strong>novidades<\/strong>, abordando tend\u00eancias de mercado e as \u00faltimas not\u00edcias, tecnologia e comportamento; cobrimos <strong>lazer e cultura<\/strong> como ferramenta de bem-estar e estilo de vida; oferecemos conte\u00fados sobre <strong>softwares para casas<\/strong>, com curadoria, trazendo informa\u00e7\u00f5es sobre programas e experi\u00eancias e tamb\u00e9m <strong>an\u00e1lises de aplicativos<\/strong> e <strong>programas \u00fateis<\/strong> para <strong>produtividade e automa\u00e7\u00e3o residencial<\/strong>, organiza\u00e7\u00e3o pessoal e automa\u00e7\u00e3o da vida em pequenos espa\u00e7os.<\/p>\n\n\n\n<p>O <a href=\"https:\/\/1truenote.com\/en\/\" data-type=\"link\" data-id=\"https:\/\/1truenote.com\/\"><strong>TrueNote<\/strong><\/a> \u00e9, portanto, mais do que um blog. \u00c9 uma curadoria <strong>comprometida com o futuro do morar<\/strong>, com a ressignifica\u00e7\u00e3o dos espa\u00e7os e com o impacto positivo que escolhas conscientes podem gerar. <strong>Cada artigo, cada insight, cada review, cada decorado e cada m\u00e9trica<\/strong> de aproveitamento t\u00eam base em <strong>experi\u00eancias reais, constru\u00eddas com dados, inten\u00e7\u00e3o e aten\u00e7\u00e3o ao detalhe<\/strong>.<\/p>\n\n\n\n<p>Nossa miss\u00e3o \u00e9 clara: <strong>Documentar, inspirar e orientar<\/strong>. Seja voc\u00ea um consumidor \u00e1vido, arquiteto, designer, entusiasta ou algu\u00e9m que est\u00e1 apenas come\u00e7ando sua jornada em dire\u00e7\u00e3o a uma vida mais compacta e eficiente \u2014 aqui, encontrar\u00e1 conte\u00fado <strong>produzido com rigor, empatia e clareza<\/strong>.<\/p>\n\n\n\n<h2 id='equipe'  class=\"wp-block-heading\">Equipe<\/h2>\n\n\n\n<p>No <strong>TrueNote<\/strong>, acreditamos que <strong>viver em uma casa n\u00e3o \u00e9 viver menos \u2014 \u00e9 viver melhor<\/strong>. \u00c9 transformar limites f\u00edsicos em horizontes criativos. \u00c9 onde a redu\u00e7\u00e3o se torna expans\u00e3o. E \u00e9 isso que queremos compartilhar: O extraordin\u00e1rio potencial que habita nos pequenos e grandes espa\u00e7os. <strong>Casa, jardim e muito mais..<\/strong><\/p>\n\n\n\n<p class=\"has-text-align-center\">Seja bem-vindo(a) ao <a href=\"https:\/\/1truenote.com\/en\/\" data-type=\"link\" data-id=\"https:\/\/1truenote.com\/\"><strong>TrueNote<\/strong><\/a>. <strong>Vamos, juntos, redefinir o que significa viver com mais prop\u00f3sito, um metro quadrado por vez<\/strong>.<\/p>\n\n\n\n<figure class=\"wp-block-image aligncenter size-medium\"><img data-recalc-dims=\"1\" fetchpriority=\"high\" decoding=\"async\" width=\"300\" height=\"300\" src=\"https:\/\/i0.wp.com\/1truenote.com\/wp-content\/uploads\/2025\/05\/ChatGPT-Image-28-de-mai.-de-2025-20_30_23.png?resize=300%2C300&#038;ssl=1\" alt=\"equipe truenote\" class=\"wp-image-2494\" srcset=\"https:\/\/i0.wp.com\/1truenote.com\/wp-content\/uploads\/2025\/05\/ChatGPT-Image-28-de-mai.-de-2025-20_30_23.png?resize=300%2C300&amp;ssl=1 300w, https:\/\/i0.wp.com\/1truenote.com\/wp-content\/uploads\/2025\/05\/ChatGPT-Image-28-de-mai.-de-2025-20_30_23.png?resize=150%2C150&amp;ssl=1 150w, https:\/\/i0.wp.com\/1truenote.com\/wp-content\/uploads\/2025\/05\/ChatGPT-Image-28-de-mai.-de-2025-20_30_23.png?resize=768%2C768&amp;ssl=1 768w, https:\/\/i0.wp.com\/1truenote.com\/wp-content\/uploads\/2025\/05\/ChatGPT-Image-28-de-mai.-de-2025-20_30_23.png?resize=96%2C96&amp;ssl=1 96w, https:\/\/i0.wp.com\/1truenote.com\/wp-content\/uploads\/2025\/05\/ChatGPT-Image-28-de-mai.-de-2025-20_30_23.png?w=1024&amp;ssl=1 1024w\" sizes=\"(max-width: 300px) 100vw, 300px\" \/><\/figure>","protected":false},"excerpt":{"rendered":"<p>Somos um dos principais portais de Casa &amp; Jardim &#8211; Decora\u00e7\u00e3o. O TrueNote \u00e9 um projeto editorial de Casa &amp; Jardim independente focado em decorados, projetos, m\u00f3veis, microarquitetura, conforto inteligente e estrat\u00e9gias de bem-estar espacial. Nasceu da converg\u00eancia entre viv\u00eancia pr\u00e1tica e a busca por solu\u00e7\u00f5es reais em habita\u00e7\u00e3o compacta com nossa curadoria \u2014 e&#8230;<\/p>","protected":false},"author":1,"featured_media":2494,"parent":0,"menu_order":0,"comment_status":"closed","ping_status":"closed","template":"","meta":{"_kad_post_transparent":"","_kad_post_title":"","_kad_post_layout":"","_kad_post_sidebar_id":"","_kad_post_content_style":"","_kad_post_vertical_padding":"","_kad_post_feature":"","_kad_post_feature_position":"","_kad_post_header":false,"_kad_post_footer":false,"_kad_post_classname":"","footnotes":""},"class_list":["post-44","page","type-page","status-publish","has-post-thumbnail","hentry"],"_hostinger_reach_plugin_has_subscription_block":false,"_hostinger_reach_plugin_is_elementor":false,"jetpack_sharing_enabled":true,"_links":{"self":[{"href":"https:\/\/1truenote.com\/en\/wp-json\/wp\/v2\/pages\/44","targetHints":{"allow":["GET"]}}],"collection":[{"href":"https:\/\/1truenote.com\/en\/wp-json\/wp\/v2\/pages"}],"about":[{"href":"https:\/\/1truenote.com\/en\/wp-json\/wp\/v2\/types\/page"}],"author":[{"embeddable":true,"href":"https:\/\/1truenote.com\/en\/wp-json\/wp\/v2\/users\/1"}],"replies":[{"embeddable":true,"href":"https:\/\/1truenote.com\/en\/wp-json\/wp\/v2\/comments?post=44"}],"version-history":[{"count":2,"href":"https:\/\/1truenote.com\/en\/wp-json\/wp\/v2\/pages\/44\/revisions"}],"predecessor-version":[{"id":4252,"href":"https:\/\/1truenote.com\/en\/wp-json\/wp\/v2\/pages\/44\/revisions\/4252"}],"wp:featuredmedia":[{"embeddable":true,"href":"https:\/\/1truenote.com\/en\/wp-json\/wp\/v2\/media\/2494"}],"wp:attachment":[{"href":"https:\/\/1truenote.com\/en\/wp-json\/wp\/v2\/media?parent=44"}],"curies":[{"name":"wp","href":"https:\/\/api.w.org\/{rel}","templated":true}]}}